{"version":"1.0","provider_name":"Meistermaler.ch","provider_url":"https:\/\/meistermaler.ch","author_name":"meistermaler.ch","author_url":"https:\/\/meistermaler.ch\/index.php\/author\/meistermaler-ch\/","title":"Individuelle Gestaltung von Arbeits- und Wohnr\u00e4umen - Meistermaler.ch","type":"rich","width":600,"height":338,"html":"<blockquote class=\"wp-embedded-content\" data-secret=\"mPdpoMvpk7\"><a href=\"https:\/\/meistermaler.ch\/index.php\/2024\/03\/25\/individuelle-gestaltung-von-arbeits-und-wohnraeumen-2\/\">Individuelle Gestaltung von Arbeits- und Wohnr\u00e4umen<\/a><\/blockquote><iframe sandbox=\"allow-scripts\" security=\"restricted\" src=\"https:\/\/meistermaler.ch\/index.php\/2024\/03\/25\/individuelle-gestaltung-von-arbeits-und-wohnraeumen-2\/embed\/#?secret=mPdpoMvpk7\" width=\"600\" height=\"338\" title=\"&#8222;Individuelle Gestaltung von Arbeits- und Wohnr\u00e4umen&#8220; &#8211; Meistermaler.ch\" data-secret=\"mPdpoMvpk7\" frameborder=\"0\" marginwidth=\"0\" marginheight=\"0\" scrolling=\"no\" class=\"wp-embedded-content\"><\/iframe><script>\n\/*! This file is auto-generated *\/\n!function(d,l){\"use strict\";l.querySelector&&d.addEventListener&&\"undefined\"!=typeof URL&&(d.wp=d.wp||{},d.wp.receiveEmbedMessage||(d.wp.receiveEmbedMessage=function(e){var t=e.data;if((t||t.secret||t.message||t.value)&&!\/[^a-zA-Z0-9]\/.test(t.secret)){for(var s,r,n,a=l.querySelectorAll('iframe[data-secret=\"'+t.secret+'\"]'),o=l.querySelectorAll('blockquote[data-secret=\"'+t.secret+'\"]'),c=new RegExp(\"^https?:$\",\"i\"),i=0;i<o.length;i++)o[i].style.display=\"none\";for(i=0;i<a.length;i++)s=a[i],e.source===s.contentWindow&&(s.removeAttribute(\"style\"),\"height\"===t.message?(1e3<(r=parseInt(t.value,10))?r=1e3:~~r<200&&(r=200),s.height=r):\"link\"===t.message&&(r=new URL(s.getAttribute(\"src\")),n=new URL(t.value),c.test(n.protocol))&&n.host===r.host&&l.activeElement===s&&(d.top.location.href=t.value))}},d.addEventListener(\"message\",d.wp.receiveEmbedMessage,!1),l.addEventListener(\"DOMContentLoaded\",function(){for(var e,t,s=l.querySelectorAll(\"iframe.wp-embedded-content\"),r=0;r<s.length;r++)(t=(e=s[r]).getAttribute(\"data-secret\"))||(t=Math.random().toString(36).substring(2,12),e.src+=\"#?secret=\"+t,e.setAttribute(\"data-secret\",t)),e.contentWindow.postMessage({message:\"ready\",secret:t},\"*\")},!1)))}(window,document);\n<\/script>\n","description":"Individuelle Gestaltung von Arbeits- und Wohnr\u00e4umen Bei der Gestaltung von Arbeits- und Wohnr\u00e4umen ist es das Ziel, eine individuelle Atmosph\u00e4re zu schaffen, die den pers\u00f6nlichen Vorstellungen und W\u00fcnschen entspricht. Das Team von frischgestrichen.ch hat sich darauf spezialisiert, R\u00e4ume sowohl von innen als auch von au\u00dfen nach den individuellen Bed\u00fcrfnissen der Kunden zu gestalten. Manchmal reicht [&hellip;]"}